{"id":19426,"date":"2024-08-29T09:18:16","date_gmt":"2024-08-29T07:18:16","guid":{"rendered":"https:\/\/www.accademiadentofacciale.it\/adf\/?page_id=19426"},"modified":"2025-08-22T09:40:13","modified_gmt":"2025-08-22T07:40:13","slug":"contatti-corsi","status":"publish","type":"page","link":"https:\/\/www.accademiadentofacciale.it\/adf\/contatti-corsi\/","title":{"rendered":"Contatti &#8211; CORSI"},"content":{"rendered":"<section class=\"l-section wpb_row height_medium\" id=\"richiesta\"><div class=\"l-section-h i-cf\"><div class=\"g-cols vc_row via_flex valign_top type_default stacking_default\"><div class=\"vc_col-sm-3 wpb_column vc_column_container\"><div class=\"vc_column-inner\"><div class=\"wpb_wrapper\"><div class=\"w-person layout_circle\" itemscope itemtype=\"https:\/\/schema.org\/Person\"><div class=\"w-person-image\"><img loading=\"lazy\" decoding=\"async\" width=\"923\" height=\"923\" src=\"https:\/\/www.accademiadentofacciale.it\/adf\/wp-content\/uploads\/2023\/02\/Agostina.jpg\" class=\"attachment-large size-large\" alt=\"\" itemprop=\"image\" srcset=\"https:\/\/www.accademiadentofacciale.it\/adf\/wp-content\/uploads\/2023\/02\/Agostina.jpg 923w, https:\/\/www.accademiadentofacciale.it\/adf\/wp-content\/uploads\/2023\/02\/Agostina-300x300.jpg 300w, https:\/\/www.accademiadentofacciale.it\/adf\/wp-content\/uploads\/2023\/02\/Agostina-150x150.jpg 150w, https:\/\/www.accademiadentofacciale.it\/adf\/wp-content\/uploads\/2023\/02\/Agostina-350x350.jpg 350w, https:\/\/www.accademiadentofacciale.it\/adf\/wp-content\/uploads\/2023\/02\/Agostina-600x600.jpg 600w, https:\/\/www.accademiadentofacciale.it\/adf\/wp-content\/uploads\/2023\/02\/Agostina-768x768.jpg 768w, https:\/\/www.accademiadentofacciale.it\/adf\/wp-content\/uploads\/2023\/02\/Agostina-24x24.jpg 24w, https:\/\/www.accademiadentofacciale.it\/adf\/wp-content\/uploads\/2023\/02\/Agostina-36x36.jpg 36w, https:\/\/www.accademiadentofacciale.it\/adf\/wp-content\/uploads\/2023\/02\/Agostina-48x48.jpg 48w\" sizes=\"auto, (max-width: 923px) 100vw, 923px\" \/><\/div><div class=\"w-person-content\"><h4 itemprop=\"name\" class=\"w-person-name\"><span>Agostina<\/span><\/h4><div class=\"w-person-role\" itemprop=\"jobTitle\">Referente dei corsi<\/div><\/div><\/div><div class=\"wpb_text_column\"><div class=\"wpb_wrapper\"><p style=\"text-align: center;\"><strong><a href=\"tel:+393487014727\">+39 348 701 4727<\/a><\/strong><\/p>\n<p style=\"text-align: center;\"><strong><a href=\"mailto:clinicamerlicorsi@gmail.com\">clinicamerlicorsi@gmail.com<\/a><\/strong><\/p>\n<\/div><\/div><div class=\"w-iconbox us_custom_0549192a iconpos_top style_default color_primary align_center no_text icontype_img\"><a href=\"https:\/\/api.whatsapp.com\/send?phone=393487014727\" class=\"w-iconbox-link\" aria-label=\"Hai bisogno? Contattami su WhatsApp\"><div class=\"w-iconbox-icon\" style=\"font-size:5rem;\"><img loading=\"lazy\" decoding=\"async\" width=\"80\" height=\"80\" src=\"https:\/\/www.accademiadentofacciale.it\/adf\/wp-content\/uploads\/2024\/09\/whatsapp_icon.png\" class=\"attachment-full size-full\" alt=\"\" srcset=\"https:\/\/www.accademiadentofacciale.it\/adf\/wp-content\/uploads\/2024\/09\/whatsapp_icon.png 80w, https:\/\/www.accademiadentofacciale.it\/adf\/wp-content\/uploads\/2024\/09\/whatsapp_icon-24x24.png 24w, https:\/\/www.accademiadentofacciale.it\/adf\/wp-content\/uploads\/2024\/09\/whatsapp_icon-36x36.png 36w, https:\/\/www.accademiadentofacciale.it\/adf\/wp-content\/uploads\/2024\/09\/whatsapp_icon-48x48.png 48w\" sizes=\"auto, (max-width: 80px) 100vw, 80px\" \/><\/div><\/a><div class=\"w-iconbox-meta\"><h5 class=\"w-iconbox-title\"><a href=\"https:\/\/api.whatsapp.com\/send?phone=393487014727\" class=\"w-iconbox-link\" aria-label=\"Hai bisogno? Contattami su WhatsApp\">Hai bisogno? Contattami su WhatsApp<\/a><\/h5><\/div><\/div><\/div><\/div><\/div><div class=\"vc_col-sm-9 wpb_column vc_column_container\"><div class=\"vc_column-inner\"><div class=\"wpb_wrapper\"><div class=\"w-tabs style_default switch_click accordion has_scrolling\" style=\"--sections-title-size:1.5rem\"><div class=\"w-tabs-sections titles-align_none icon_chevron cpos_right\"><div class=\"w-tabs-section active\" id=\"ubf7\"><button class=\"w-tabs-section-header active with_icon\" aria-controls=\"content-ubf7\" aria-expanded=\"true\"><i class=\"fas fa-edit\"><\/i><div class=\"w-tabs-section-title\">Richiesta di informazioni<\/div><div class=\"w-tabs-section-control\"><\/div><\/button><div  class=\"w-tabs-section-content\" id=\"content-ubf7\"><div class=\"w-tabs-section-content-h i-cf\"><div class=\"wpb_text_column us_custom_f37aca33\"><div class=\"wpb_wrapper\"><h3>Richiesta di informazioni<\/h3>\n<\/div><\/div>\n<div class=\"wpcf7 no-js\" id=\"wpcf7-f4-o1\" lang=\"it-IT\" dir=\"ltr\" data-wpcf7-id=\"4\">\n<div class=\"screen-reader-response\"><p role=\"status\" aria-live=\"polite\" aria-atomic=\"true\"><\/p> <ul><\/ul><\/div>\n<form action=\"\/adf\/wp-json\/wp\/v2\/pages\/19426#wpcf7-f4-o1\" method=\"post\" class=\"wpcf7-form init\" aria-label=\"Modulo di contatto\" novalidate=\"novalidate\" data-status=\"init\">\n<fieldset class=\"hidden-fields-container\"><input type=\"hidden\" name=\"_wpcf7\" value=\"4\" \/><input type=\"hidden\" name=\"_wpcf7_version\" value=\"6.1.5\" \/><input type=\"hidden\" name=\"_wpcf7_locale\" value=\"it_IT\" \/><input type=\"hidden\" name=\"_wpcf7_unit_tag\" value=\"wpcf7-f4-o1\" \/><input type=\"hidden\" name=\"_wpcf7_container_post\" value=\"0\" \/><input type=\"hidden\" name=\"_wpcf7_posted_data_hash\" value=\"\" \/>\n<\/fieldset>\n<p><span class=\"wpcf7-form-control-wrap\" data-name=\"your-name\"><input size=\"40\" maxlength=\"400\" class=\"wpcf7-form-control wpcf7-text wpcf7-validates-as-required\" aria-required=\"true\" aria-invalid=\"false\" placeholder=\"COGNOME E NOME\" value=\"\" type=\"text\" name=\"your-name\" \/><\/span>\n<\/p>\n<p><span class=\"wpcf7-form-control-wrap\" data-name=\"your-tel\"><input size=\"40\" maxlength=\"400\" class=\"wpcf7-form-control wpcf7-tel wpcf7-validates-as-required wpcf7-text wpcf7-validates-as-tel\" aria-required=\"true\" aria-invalid=\"false\" placeholder=\"NUMERO DI TELEFONO\" value=\"\" type=\"tel\" name=\"your-tel\" \/><\/span>\n<\/p>\n<p><span class=\"wpcf7-form-control-wrap\" data-name=\"your-email\"><input size=\"40\" maxlength=\"400\" class=\"wpcf7-form-control wpcf7-email wpcf7-validates-as-required wpcf7-text wpcf7-validates-as-email\" aria-required=\"true\" aria-invalid=\"false\" placeholder=\"MAIL\" value=\"\" type=\"email\" name=\"your-email\" \/><\/span>\n<\/p>\n<p>SONO INTERESSATO AI SEGUENTI CORSI:\n<\/p>\n<p><span class=\"wpcf7-form-control-wrap\" data-name=\"checkbox-824\"><span class=\"wpcf7-form-control wpcf7-checkbox\"><span class=\"wpcf7-list-item first\"><input type=\"checkbox\" name=\"checkbox-824[]\" value=\"CORSO ANNUALE DI IMPLANTOLOGIA\" \/><span class=\"wpcf7-list-item-label\">CORSO ANNUALE DI IMPLANTOLOGIA<\/span><\/span><span class=\"wpcf7-list-item\"><input type=\"checkbox\" name=\"checkbox-824[]\" value=\"DALLA PROTESI TOTALE AL CARICO IMMEDIATO\" \/><span class=\"wpcf7-list-item-label\">DALLA PROTESI TOTALE AL CARICO IMMEDIATO<\/span><\/span><span class=\"wpcf7-list-item last\"><input type=\"checkbox\" name=\"checkbox-824[]\" value=\"LA PROTESI FISSA NELL\u2019ERA DELLA 4a DIMENSIONE\" \/><span class=\"wpcf7-list-item-label\">LA PROTESI FISSA NELL\u2019ERA DELLA 4a DIMENSIONE<\/span><\/span><\/span><\/span>\n<\/p>\n<p><span class=\"wpcf7-form-control-wrap\" data-name=\"your-message\"><textarea cols=\"40\" rows=\"10\" maxlength=\"2000\" class=\"wpcf7-form-control wpcf7-textarea wpcf7-validates-as-required\" aria-required=\"true\" aria-invalid=\"false\" placeholder=\"MESSAGGIO\" name=\"your-message\"><\/textarea><\/span>\n<\/p>\n<p><span class=\"wpcf7-form-control-wrap\" data-name=\"checkbox-377\"><span class=\"wpcf7-form-control wpcf7-checkbox wpcf7-validates-as-required\"><span class=\"wpcf7-list-item first last\"><input type=\"checkbox\" name=\"checkbox-377[]\" value=\"Ho preso visione ed acconsento al trattamento dei dati:\" \/><span class=\"wpcf7-list-item-label\">Ho preso visione ed acconsento al trattamento dei dati:<\/span><\/span><\/span><\/span><a href=\"https:\/\/www.accademiadentofacciale.it\/adf\/privacy-policy\/\">privacy policy<\/a>\n<\/p>\n<p><input class=\"wpcf7-form-control wpcf7-submit has-spinner\" type=\"submit\" value=\"INVIA\" \/>\n<\/p><div class=\"wpcf7-response-output\" aria-hidden=\"true\"><\/div>\n<\/form>\n<\/div>\n<\/div><\/div><\/div><div class=\"w-tabs-section\" id=\"o76c\"><button class=\"w-tabs-section-header with_icon\" aria-controls=\"content-o76c\" aria-expanded=\"false\"><i class=\"fas fa-edit\"><\/i><div class=\"w-tabs-section-title\">Scheda di Iscrizione al corso<\/div><div class=\"w-tabs-section-control\"><\/div><\/button><div  class=\"w-tabs-section-content\" id=\"content-o76c\"><div class=\"w-tabs-section-content-h i-cf\"><div class=\"wpb_text_column us_custom_f37aca33\"><div class=\"wpb_wrapper\"><h3>Scheda di Iscrizione al corso<\/h3>\n<\/div><\/div>\n<div class=\"wpcf7 no-js\" id=\"wpcf7-f19613-o2\" lang=\"it-IT\" dir=\"ltr\" data-wpcf7-id=\"19613\">\n<div class=\"screen-reader-response\"><p role=\"status\" aria-live=\"polite\" aria-atomic=\"true\"><\/p> <ul><\/ul><\/div>\n<form action=\"\/adf\/wp-json\/wp\/v2\/pages\/19426#wpcf7-f19613-o2\" method=\"post\" class=\"wpcf7-form init\" aria-label=\"Modulo di contatto\" novalidate=\"novalidate\" data-status=\"init\">\n<fieldset class=\"hidden-fields-container\"><input type=\"hidden\" name=\"_wpcf7\" value=\"19613\" \/><input type=\"hidden\" name=\"_wpcf7_version\" value=\"6.1.5\" \/><input type=\"hidden\" name=\"_wpcf7_locale\" value=\"it_IT\" \/><input type=\"hidden\" name=\"_wpcf7_unit_tag\" value=\"wpcf7-f19613-o2\" \/><input type=\"hidden\" name=\"_wpcf7_container_post\" value=\"0\" \/><input type=\"hidden\" name=\"_wpcf7_posted_data_hash\" value=\"\" \/>\n<\/fieldset>\n<p>COGNOME E NOME\n<\/p>\n<p><span class=\"wpcf7-form-control-wrap\" data-name=\"your-name\"><input size=\"40\" maxlength=\"400\" class=\"wpcf7-form-control wpcf7-text wpcf7-validates-as-required\" aria-required=\"true\" aria-invalid=\"false\" value=\"\" type=\"text\" name=\"your-name\" \/><\/span>\n<\/p>\n<p>NUMERO DI CELLULARE\n<\/p>\n<p><span class=\"wpcf7-form-control-wrap\" data-name=\"your-tel\"><input size=\"40\" maxlength=\"400\" class=\"wpcf7-form-control wpcf7-tel wpcf7-validates-as-required wpcf7-text wpcf7-validates-as-tel\" aria-required=\"true\" aria-invalid=\"false\" value=\"\" type=\"tel\" name=\"your-tel\" \/><\/span>\n<\/p>\n<p>MAIL\n<\/p>\n<p><span class=\"wpcf7-form-control-wrap\" data-name=\"your-email\"><input size=\"40\" maxlength=\"400\" class=\"wpcf7-form-control wpcf7-email wpcf7-validates-as-required wpcf7-text wpcf7-validates-as-email\" aria-required=\"true\" aria-invalid=\"false\" value=\"\" type=\"email\" name=\"your-email\" \/><\/span>\n<\/p>\n<p>ALTRO NUMERO DI TELEFONO\n<\/p>\n<p><span class=\"wpcf7-form-control-wrap\" data-name=\"tel-296\"><input size=\"40\" maxlength=\"400\" class=\"wpcf7-form-control wpcf7-tel wpcf7-text wpcf7-validates-as-tel\" aria-invalid=\"false\" value=\"\" type=\"tel\" name=\"tel-296\" \/><\/span>\n<\/p>\n<p>FAX\n<\/p>\n<p><span class=\"wpcf7-form-control-wrap\" data-name=\"tel-377\"><input size=\"40\" maxlength=\"400\" class=\"wpcf7-form-control wpcf7-tel wpcf7-text wpcf7-validates-as-tel\" aria-invalid=\"false\" value=\"\" type=\"tel\" name=\"tel-377\" \/><\/span>\n<\/p>\n<p>RAGIONE SOCIALE\n<\/p>\n<p><span class=\"wpcf7-form-control-wrap\" data-name=\"text-611\"><input size=\"40\" maxlength=\"400\" class=\"wpcf7-form-control wpcf7-text\" aria-invalid=\"false\" value=\"\" type=\"text\" name=\"text-611\" \/><\/span>\n<\/p>\n<p>CODICE FISCALE\n<\/p>\n<p><span class=\"wpcf7-form-control-wrap\" data-name=\"text-607\"><input size=\"40\" maxlength=\"400\" class=\"wpcf7-form-control wpcf7-text\" aria-invalid=\"false\" value=\"\" type=\"text\" name=\"text-607\" \/><\/span>\n<\/p>\n<p>PARTITA IVA\n<\/p>\n<p><span class=\"wpcf7-form-control-wrap\" data-name=\"text-504\"><input size=\"40\" maxlength=\"400\" class=\"wpcf7-form-control wpcf7-text\" aria-invalid=\"false\" value=\"\" type=\"text\" name=\"text-504\" \/><\/span>\n<\/p>\n<p>CODICE SDI\n<\/p>\n<p><span class=\"wpcf7-form-control-wrap\" data-name=\"text-982\"><input size=\"40\" maxlength=\"400\" class=\"wpcf7-form-control wpcf7-text\" aria-invalid=\"false\" value=\"\" type=\"text\" name=\"text-982\" \/><\/span>\n<\/p>\n<p>VIA\n<\/p>\n<p><span class=\"wpcf7-form-control-wrap\" data-name=\"text-291\"><input size=\"40\" maxlength=\"400\" class=\"wpcf7-form-control wpcf7-text\" aria-invalid=\"false\" value=\"\" type=\"text\" name=\"text-291\" \/><\/span>\n<\/p>\n<p>CAP\n<\/p>\n<p><span class=\"wpcf7-form-control-wrap\" data-name=\"text-177\"><input size=\"40\" maxlength=\"400\" class=\"wpcf7-form-control wpcf7-text\" aria-invalid=\"false\" value=\"\" type=\"text\" name=\"text-177\" \/><\/span>\n<\/p>\n<p>CITT\u00c0\n<\/p>\n<p><span class=\"wpcf7-form-control-wrap\" data-name=\"text-933\"><input size=\"40\" maxlength=\"400\" class=\"wpcf7-form-control wpcf7-text\" aria-invalid=\"false\" value=\"\" type=\"text\" name=\"text-933\" \/><\/span>\n<\/p>\n<p>MESSAGGIO\n<\/p>\n<p><span class=\"wpcf7-form-control-wrap\" data-name=\"your-message\"><textarea cols=\"40\" rows=\"10\" maxlength=\"2000\" class=\"wpcf7-form-control wpcf7-textarea wpcf7-validates-as-required\" aria-required=\"true\" aria-invalid=\"false\" name=\"your-message\"><\/textarea><\/span>\n<\/p>\n<p><span class=\"wpcf7-form-control-wrap\" data-name=\"checkbox-377\"><span class=\"wpcf7-form-control wpcf7-checkbox wpcf7-validates-as-required\"><span class=\"wpcf7-list-item first last\"><input type=\"checkbox\" name=\"checkbox-377[]\" value=\"Ho preso visione ed acconsento al trattamento dei dati:\" \/><span class=\"wpcf7-list-item-label\">Ho preso visione ed acconsento al trattamento dei dati:<\/span><\/span><\/span><\/span><a href=\"https:\/\/www.accademiadentofacciale.it\/adf\/privacy-policy\/\">privacy policy<\/a>\n<\/p>\n<p><input class=\"wpcf7-form-control wpcf7-submit has-spinner\" type=\"submit\" value=\"INVIA\" \/>\n<\/p><div class=\"wpcf7-response-output\" aria-hidden=\"true\"><\/div>\n<\/form>\n<\/div>\n<\/div><\/div><\/div><\/div><\/div><\/div><\/div><\/div><\/div><\/div><\/section><section class=\"l-section wpb_row height_medium\"><div class=\"l-section-h i-cf\"><div class=\"g-cols vc_row via_flex valign_top type_default stacking_default\"><div class=\"vc_col-sm-12 wpb_column vc_column_container\"><div class=\"vc_column-inner\"><div class=\"wpb_wrapper\"><div class=\"w-separator size_custom with_line width_screen thick_1 style_solid color_primary align_center\" style=\"height:5px\"><div class=\"w-separator-h\"><\/div><\/div><\/div><\/div><\/div><\/div><\/div><\/section><section class=\"l-section wpb_row height_medium\"><div class=\"l-section-h i-cf\"><div class=\"g-cols vc_row via_flex valign_top type_default stacking_default\"><div class=\"vc_col-sm-6 wpb_column vc_column_container\"><div class=\"vc_column-inner\"><div class=\"wpb_wrapper\"><div class=\"ult-content-box-container \" >\t<a class=\"ult-content-box-anchor\" href=\"https:\/\/www.accademiadentofacciale.it\/adf\/dalla-protesi-totale-al-carico-immediato\/\" >\t\t<div class=\"ult-content-box\" style=\"box-shadow: 10px 10px 10px 0px none;border-style:none;border-width:2px;border-radius:10px;-webkit-transition: all 700ms ease;-moz-transition: all 700ms ease;-ms-transition: all 700ms ease;-o-transition: all 700ms ease;transition: all 700ms ease;\"  data-hover_box_shadow=\"none\"     data-border_color=\"\" ><div id=\"ultimate-heading-503569f1c6fd1303d\" class=\"uvc-heading ult-adjust-bottom-margin ultimate-heading-503569f1c6fd1303d uvc-6209 \" data-hspacer=\"no_spacer\"  data-halign=\"center\" style=\"text-align:center\"><div class=\"uvc-heading-spacer no_spacer\" style=\"top\"><\/div><div class=\"uvc-main-heading ult-responsive\"  data-ultimate-target='.uvc-heading.ultimate-heading-503569f1c6fd1303d h1'  data-responsive-json-new='{\"font-size\":\"\",\"line-height\":\"\"}' ><h1 style=\"font-weight:normal;\">DALLA PROTESI TOTALE AL CARICO IMMEDIATO<\/h1><\/div><\/div><div id=\"ultimate-heading-587669f1c6fd13094\" class=\"uvc-heading ult-adjust-bottom-margin ultimate-heading-587669f1c6fd13094 uvc-3817 \" data-hspacer=\"no_spacer\"  data-halign=\"center\" style=\"text-align:center\"><div class=\"uvc-heading-spacer no_spacer\" style=\"top\"><\/div><div class=\"uvc-main-heading ult-responsive\"  data-ultimate-target='.uvc-heading.ultimate-heading-587669f1c6fd13094 h3'  data-responsive-json-new='{\"font-size\":\"\",\"line-height\":\"\"}' ><h3 style=\"font-weight:normal;\">Ripristino funzionale ed estetico del paziente edentulo mediante chirurgia implantare guidata<\/h3><\/div><\/div><div id=\"ultimate-heading-977369f1c6fd130c7\" class=\"uvc-heading ult-adjust-bottom-margin ultimate-heading-977369f1c6fd130c7 uvc-5611 \" data-hspacer=\"no_spacer\"  data-halign=\"center\" style=\"text-align:center\"><div class=\"uvc-heading-spacer no_spacer\" style=\"top\"><\/div><div class=\"uvc-main-heading ult-responsive\"  data-ultimate-target='.uvc-heading.ultimate-heading-977369f1c6fd130c7 h4'  data-responsive-json-new='{\"font-size\":\"\",\"line-height\":\"\"}' ><h4 style=\"font-weight:normal;\">3 incontri<\/h4><\/div><\/div><div class=\"w-separator size_custom\" style=\"height:10px\"><\/div><div class=\"wpb_text_column\"><div class=\"wpb_wrapper\"><p>Il corso \u00e8 orientato al team Odontoiatra-Odontotecnico che necessita di approfondire le tematiche digitali nel trattamento del paziente edentulo con protesi totale, pianificazione implantare e costruzione delle dime chirurgiche.<\/p>\n<p>Il corso descrive tutte le fasi chirurgiche e protesiche necessarie alla gestione del carico immediato.<\/p>\n<\/div><\/div><div class=\" vc_custom_1739524259478 ubtn-ctn-center \"><button type=\"button\" id=\"ubtn-3346\"  class=\"ubtn ult-adjust-bottom-margin ult-responsive ubtn-normal ubtn-fade-bg  none  ubtn-sep-icon ubtn-sep-icon-at-left  ubtn-center  ubtn-only-icon   tooltip-69f1c6fd13338\"  data-hover=\"\" data-border-color=\"\" data-bg=\"\" data-hover-bg=\"\" data-border-hover=\"\" data-shadow-hover=\"\" data-shadow-click=\"none\" data-shadow=\"\" data-shd-shadow=\"\"  data-ultimate-target='#ubtn-3346'  data-responsive-json-new='{\"font-size\":\"\",\"line-height\":\"\"}'  style=\"font-weight:normal;border:none;\"><span class=\"ubtn-data ubtn-icon\"><i class=\"Defaults-plus-square-o\" style=\"font-size:40px;color:#dd3333;\"><\/i><\/span><span class=\"ubtn-hover\" style=\"background-color:\"><\/span><span class=\"ubtn-data ubtn-text \" ><\/span><\/button><\/div>\t\t<\/div>\t<\/a><\/div><\/div><\/div><\/div><div class=\"vc_col-sm-6 wpb_column vc_column_container\"><div class=\"vc_column-inner\"><div class=\"wpb_wrapper\"><div class=\"w-image style_shadow-2 align_none\"><a href=\"https:\/\/www.accademiadentofacciale.it\/adf\/dalla-protesi-totale-al-carico-immediato\/\" aria-label=\"Dalla-protesi-totale-al-carico-immediato-2025-cover-oriz\" class=\"w-image-h\"><div class=\"w-image-shadow\" style=\"background-image:url(https:\/\/www.accademiadentofacciale.it\/adf\/wp-content\/uploads\/2025\/08\/Dalla-protesi-totale-al-carico-immediato-2025-cover-oriz.jpg);\"><\/div><img decoding=\"async\" width=\"1240\" height=\"841\" src=\"https:\/\/www.accademiadentofacciale.it\/adf\/wp-content\/uploads\/2025\/08\/Dalla-protesi-totale-al-carico-immediato-2025-cover-oriz.jpg\" class=\"attachment-full size-full\" alt=\"\" loading=\"lazy\" srcset=\"https:\/\/www.accademiadentofacciale.it\/adf\/wp-content\/uploads\/2025\/08\/Dalla-protesi-totale-al-carico-immediato-2025-cover-oriz.jpg 1240w, https:\/\/www.accademiadentofacciale.it\/adf\/wp-content\/uploads\/2025\/08\/Dalla-protesi-totale-al-carico-immediato-2025-cover-oriz-300x203.jpg 300w, https:\/\/www.accademiadentofacciale.it\/adf\/wp-content\/uploads\/2025\/08\/Dalla-protesi-totale-al-carico-immediato-2025-cover-oriz-600x407.jpg 600w, https:\/\/www.accademiadentofacciale.it\/adf\/wp-content\/uploads\/2025\/08\/Dalla-protesi-totale-al-carico-immediato-2025-cover-oriz-768x521.jpg 768w, https:\/\/www.accademiadentofacciale.it\/adf\/wp-content\/uploads\/2025\/08\/Dalla-protesi-totale-al-carico-immediato-2025-cover-oriz-24x16.jpg 24w, https:\/\/www.accademiadentofacciale.it\/adf\/wp-content\/uploads\/2025\/08\/Dalla-protesi-totale-al-carico-immediato-2025-cover-oriz-36x24.jpg 36w, https:\/\/www.accademiadentofacciale.it\/adf\/wp-content\/uploads\/2025\/08\/Dalla-protesi-totale-al-carico-immediato-2025-cover-oriz-48x33.jpg 48w\" sizes=\"auto, (max-width: 1240px) 100vw, 1240px\" \/><\/a><\/div><div class=\"w-separator size_custom\" style=\"height:30px\"><\/div><\/div><\/div><\/div><\/div><\/div><\/section><section class=\"l-section wpb_row height_medium\"><div class=\"l-section-h i-cf\"><div class=\"g-cols vc_row via_flex valign_top type_default stacking_default\"><div class=\"vc_col-sm-12 wpb_column vc_column_container\"><div class=\"vc_column-inner\"><div class=\"wpb_wrapper\"><div class=\"w-separator size_custom with_line width_screen thick_1 style_solid color_primary align_center\" style=\"height:5px\"><div class=\"w-separator-h\"><\/div><\/div><\/div><\/div><\/div><\/div><\/div><\/section><section class=\"l-section wpb_row height_medium\"><div class=\"l-section-h i-cf\"><div class=\"g-cols vc_row via_flex valign_top type_default stacking_default\"><div class=\"vc_col-sm-6 wpb_column vc_column_container\"><div class=\"vc_column-inner\"><div class=\"wpb_wrapper\"><div class=\"ult-content-box-container \" >\t<a class=\"ult-content-box-anchor\" href=\"https:\/\/www.accademiadentofacciale.it\/adf\/la-protesi-fissa-nellera-della-4a-dimensione\/\" >\t\t<div class=\"ult-content-box\" style=\"box-shadow: 10px 10px 10px 0px none;border-style:none;border-width:2px;border-radius:10px;-webkit-transition: all 700ms ease;-moz-transition: all 700ms ease;-ms-transition: all 700ms ease;-o-transition: all 700ms ease;transition: all 700ms ease;\"  data-hover_box_shadow=\"none\"     data-border_color=\"\" ><div id=\"ultimate-heading-796969f1c6fd1434f\" class=\"uvc-heading ult-adjust-bottom-margin ultimate-heading-796969f1c6fd1434f uvc-1172 \" data-hspacer=\"no_spacer\"  data-halign=\"center\" style=\"text-align:center\"><div class=\"uvc-heading-spacer no_spacer\" style=\"top\"><\/div><div class=\"uvc-main-heading ult-responsive\"  data-ultimate-target='.uvc-heading.ultimate-heading-796969f1c6fd1434f h1'  data-responsive-json-new='{\"font-size\":\"\",\"line-height\":\"\"}' ><h1 style=\"font-weight:normal;\">LA PROTESI FISSA NELL\u2019ERA DELLA 4a DIMENSIONE<\/h1><\/div><\/div><div id=\"ultimate-heading-953769f1c6fd1438c\" class=\"uvc-heading ult-adjust-bottom-margin ultimate-heading-953769f1c6fd1438c uvc-1014 \" data-hspacer=\"no_spacer\"  data-halign=\"center\" style=\"text-align:center\"><div class=\"uvc-heading-spacer no_spacer\" style=\"top\"><\/div><div class=\"uvc-main-heading ult-responsive\"  data-ultimate-target='.uvc-heading.ultimate-heading-953769f1c6fd1438c h3'  data-responsive-json-new='{\"font-size\":\"\",\"line-height\":\"\"}' ><h3 style=\"font-weight:normal;\">Funzione Masticatoria, Movimenti Mandibolari e Workflow Digitale<\/h3><\/div><\/div><div id=\"ultimate-heading-918669f1c6fd143bd\" class=\"uvc-heading ult-adjust-bottom-margin ultimate-heading-918669f1c6fd143bd uvc-1365 \" data-hspacer=\"no_spacer\"  data-halign=\"center\" style=\"text-align:center\"><div class=\"uvc-heading-spacer no_spacer\" style=\"top\"><\/div><div class=\"uvc-main-heading ult-responsive\"  data-ultimate-target='.uvc-heading.ultimate-heading-918669f1c6fd143bd h4'  data-responsive-json-new='{\"font-size\":\"\",\"line-height\":\"\"}' ><h4 style=\"font-weight:normal;\">FULL IMMERSION DI 3 GIORNI<\/h4><\/div><\/div><div id=\"ultimate-heading-232469f1c6fd143eb\" class=\"uvc-heading ult-adjust-bottom-margin ultimate-heading-232469f1c6fd143eb uvc-996 \" data-hspacer=\"no_spacer\"  data-halign=\"center\" style=\"text-align:center\"><div class=\"uvc-heading-spacer no_spacer\" style=\"top\"><\/div><div class=\"uvc-main-heading ult-responsive\"  data-ultimate-target='.uvc-heading.ultimate-heading-232469f1c6fd143eb h5'  data-responsive-json-new='{\"font-size\":\"\",\"line-height\":\"\"}' ><h5 style=\"font-weight:normal;\">16 \u00b7 17 \u00b7 18 OTTOBRE 2025<\/h5><\/div><\/div><div class=\"w-separator size_custom\" style=\"height:10px\"><\/div><div class=\"wpb_text_column\"><div class=\"wpb_wrapper\"><p>Il corso \u00e8 orientato ai Medici odontoiatri interessati ad approfondire le proprie competenze nel workflow digitale per il ripristino della funzione masticatoria.<\/p>\n<p>Odontotecnici desiderosi di rendere pi\u00f9 efficiente il flusso di lavoro attraverso i nuovi strumenti digitali.<\/p>\n<\/div><\/div><div class=\" vc_custom_1739524259478 ubtn-ctn-center \"><button type=\"button\" id=\"ubtn-6384\"  class=\"ubtn ult-adjust-bottom-margin ult-responsive ubtn-normal ubtn-fade-bg  none  ubtn-sep-icon ubtn-sep-icon-at-left  ubtn-center  ubtn-only-icon   tooltip-69f1c6fd1462f\"  data-hover=\"\" data-border-color=\"\" data-bg=\"\" data-hover-bg=\"\" data-border-hover=\"\" data-shadow-hover=\"\" data-shadow-click=\"none\" data-shadow=\"\" data-shd-shadow=\"\"  data-ultimate-target='#ubtn-6384'  data-responsive-json-new='{\"font-size\":\"\",\"line-height\":\"\"}'  style=\"font-weight:normal;border:none;\"><span class=\"ubtn-data ubtn-icon\"><i class=\"Defaults-plus-square-o\" style=\"font-size:40px;color:#dd3333;\"><\/i><\/span><span class=\"ubtn-hover\" style=\"background-color:\"><\/span><span class=\"ubtn-data ubtn-text \" ><\/span><\/button><\/div>\t\t<\/div>\t<\/a><\/div><\/div><\/div><\/div><div class=\"vc_col-sm-6 wpb_column vc_column_container\"><div class=\"vc_column-inner\"><div class=\"wpb_wrapper\"><div class=\"w-image style_shadow-2 align_none\"><a href=\"https:\/\/www.accademiadentofacciale.it\/adf\/la-protesi-fissa-nellera-della-4a-dimensione\/\" aria-label=\"La protesi fissa nell era della 4 dimensione 2025 cover\" class=\"w-image-h\"><div class=\"w-image-shadow\" style=\"background-image:url(https:\/\/www.accademiadentofacciale.it\/adf\/wp-content\/uploads\/2025\/04\/La-protesi-fissa-nell-era-della-4-dimensione-2025-cover.jpg);\"><\/div><img decoding=\"async\" width=\"1240\" height=\"841\" src=\"https:\/\/www.accademiadentofacciale.it\/adf\/wp-content\/uploads\/2025\/04\/La-protesi-fissa-nell-era-della-4-dimensione-2025-cover.jpg\" class=\"attachment-full size-full\" alt=\"\" loading=\"lazy\" srcset=\"https:\/\/www.accademiadentofacciale.it\/adf\/wp-content\/uploads\/2025\/04\/La-protesi-fissa-nell-era-della-4-dimensione-2025-cover.jpg 1240w, https:\/\/www.accademiadentofacciale.it\/adf\/wp-content\/uploads\/2025\/04\/La-protesi-fissa-nell-era-della-4-dimensione-2025-cover-300x203.jpg 300w, https:\/\/www.accademiadentofacciale.it\/adf\/wp-content\/uploads\/2025\/04\/La-protesi-fissa-nell-era-della-4-dimensione-2025-cover-600x407.jpg 600w, https:\/\/www.accademiadentofacciale.it\/adf\/wp-content\/uploads\/2025\/04\/La-protesi-fissa-nell-era-della-4-dimensione-2025-cover-768x521.jpg 768w, https:\/\/www.accademiadentofacciale.it\/adf\/wp-content\/uploads\/2025\/04\/La-protesi-fissa-nell-era-della-4-dimensione-2025-cover-24x16.jpg 24w, https:\/\/www.accademiadentofacciale.it\/adf\/wp-content\/uploads\/2025\/04\/La-protesi-fissa-nell-era-della-4-dimensione-2025-cover-36x24.jpg 36w, https:\/\/www.accademiadentofacciale.it\/adf\/wp-content\/uploads\/2025\/04\/La-protesi-fissa-nell-era-della-4-dimensione-2025-cover-48x33.jpg 48w\" sizes=\"auto, (max-width: 1240px) 100vw, 1240px\" \/><\/a><\/div><div class=\"w-separator size_custom\" style=\"height:30px\"><\/div><\/div><\/div><\/div><\/div><\/div><\/section><section class=\"l-section wpb_row height_medium\"><div class=\"l-section-h i-cf\"><div class=\"g-cols vc_row via_flex valign_top type_default stacking_default\"><div class=\"vc_col-sm-12 wpb_column vc_column_container\"><div class=\"vc_column-inner\"><div class=\"wpb_wrapper\"><div class=\"w-separator size_custom with_line width_screen thick_1 style_solid color_primary align_center\" style=\"height:5px\"><div class=\"w-separator-h\"><\/div><\/div><\/div><\/div><\/div><\/div><\/div><\/section><section class=\"l-section wpb_row height_medium\"><div class=\"l-section-h i-cf\"><div class=\"g-cols vc_row via_flex valign_top type_default stacking_default\"><div class=\"vc_col-sm-6 wpb_column vc_column_container\"><div class=\"vc_column-inner\"><div class=\"wpb_wrapper\"><div class=\"ult-content-box-container \" >\t<a class=\"ult-content-box-anchor\" href=\"https:\/\/www.accademiadentofacciale.it\/adf\/implantologia-metodologia-clinica-e-tecnica\/\" >\t\t<div class=\"ult-content-box\" style=\"box-shadow: 10px 10px 10px 0px none;border-style:none;border-width:2px;border-radius:10px;-webkit-transition: all 700ms ease;-moz-transition: all 700ms ease;-ms-transition: all 700ms ease;-o-transition: all 700ms ease;transition: all 700ms ease;\"  data-hover_box_shadow=\"none\"     data-border_color=\"\" >[vc_custom_heading text=&#8221;Investi nel tuo futuro professionale: iscriviti oggi&#8221; font_container=&#8221;tag:h1|text_align:center|color:%23dd3333&#8243; google_fonts=&#8221;font_family:Dancing%20Script%3Aregular%2C700|font_style:400%20regular%3A400%3Anormal&#8221;]<div id=\"ultimate-heading-890969f1c6fd15562\" class=\"uvc-heading ult-adjust-bottom-margin ultimate-heading-890969f1c6fd15562 uvc-1490 \" data-hspacer=\"no_spacer\"  data-halign=\"center\" style=\"text-align:center\"><div class=\"uvc-heading-spacer no_spacer\" style=\"top\"><\/div><div class=\"uvc-main-heading ult-responsive\"  data-ultimate-target='.uvc-heading.ultimate-heading-890969f1c6fd15562 h1'  data-responsive-json-new='{\"font-size\":\"\",\"line-height\":\"\"}' ><h1 style=\"font-weight:normal;\">IMPLANTOLOGIA<\/h1><\/div><\/div><div id=\"ultimate-heading-25469f1c6fd155a6\" class=\"uvc-heading ult-adjust-bottom-margin ultimate-heading-25469f1c6fd155a6 uvc-3107 \" data-hspacer=\"no_spacer\"  data-halign=\"center\" style=\"text-align:center\"><div class=\"uvc-heading-spacer no_spacer\" style=\"top\"><\/div><div class=\"uvc-main-heading ult-responsive\"  data-ultimate-target='.uvc-heading.ultimate-heading-25469f1c6fd155a6 h3'  data-responsive-json-new='{\"font-size\":\"\",\"line-height\":\"\"}' ><h3 style=\"font-weight:normal;\">METODOLOGIA CLINICA E TECNICA<\/h3><\/div><\/div><div id=\"ultimate-heading-87669f1c6fd155d7\" class=\"uvc-heading ult-adjust-bottom-margin ultimate-heading-87669f1c6fd155d7 uvc-2310 \" data-hspacer=\"no_spacer\"  data-halign=\"center\" style=\"text-align:center\"><div class=\"uvc-heading-spacer no_spacer\" style=\"top\"><\/div><div class=\"uvc-sub-heading ult-responsive\"  data-ultimate-target='.uvc-heading.ultimate-heading-87669f1c6fd155d7 .uvc-sub-heading '  data-responsive-json-new='{\"font-size\":\"\",\"line-height\":\"\"}'  style=\"font-weight:normal;\">\n<h4>CORSO ANNUALE &#8211; ANNO FORMATIVO 2026<\/h4>\n<\/div><\/div><div class=\"w-separator size_custom\" style=\"height:10px\"><\/div><div class=\"wpb_text_column\"><div class=\"wpb_wrapper\"><p style=\"text-align: left;\">Corso di perfezionamento chirurgo-protesico per Odontoiatri con la partecipazione della Segreteria, Assistenti, Igienisti Dentali e degli Odontotecnici.<\/p>\n<p style=\"text-align: left;\">Il programma scientifico \u00e8 coordinato e diretto dal Dr. Mauro Merli. \u00c8 articolato in dieci incontri, e prevede un numero chiuso di partecipanti. Il corso \u00e8 suddiviso in una parte teorica e in una parte pratica alla quale vengono dedicati tre incontri.<\/p>\n<\/div><\/div><div class=\" vc_custom_1700580619993 ubtn-ctn-center \"><button type=\"button\" id=\"ubtn-8283\"  class=\"ubtn ult-adjust-bottom-margin ult-responsive ubtn-normal ubtn-fade-bg  none  ubtn-sep-icon ubtn-sep-icon-at-left  ubtn-center  ubtn-only-icon   tooltip-69f1c6fd15828\"  data-hover=\"\" data-border-color=\"\" data-bg=\"\" data-hover-bg=\"\" data-border-hover=\"\" data-shadow-hover=\"\" data-shadow-click=\"none\" data-shadow=\"\" data-shd-shadow=\"\"  data-ultimate-target='#ubtn-8283'  data-responsive-json-new='{\"font-size\":\"\",\"line-height\":\"\"}'  style=\"font-weight:normal;border:none;\"><span class=\"ubtn-data ubtn-icon\"><i class=\"Defaults-plus-square-o\" style=\"font-size:40px;color:#dd3333;\"><\/i><\/span><span class=\"ubtn-hover\" style=\"background-color:\"><\/span><span class=\"ubtn-data ubtn-text \" ><\/span><\/button><\/div>\t\t<\/div>\t<\/a><\/div><\/div><\/div><\/div><div class=\"vc_col-sm-6 wpb_column vc_column_container\"><div class=\"vc_column-inner\"><div class=\"wpb_wrapper\"><div class=\"w-image style_shadow-2 align_none\"><a href=\"https:\/\/www.accademiadentofacciale.it\/adf\/implantologia-metodologia-clinica-e-tecnica\/\" aria-label=\"Corso-Implantologia-Merli-2026-cover-oriz\" class=\"w-image-h\"><div class=\"w-image-shadow\" style=\"background-image:url(https:\/\/www.accademiadentofacciale.it\/adf\/wp-content\/uploads\/2025\/08\/Corso-Implantologia-Merli-2026-cover-oriz.jpg);\"><\/div><img decoding=\"async\" width=\"1240\" height=\"841\" src=\"https:\/\/www.accademiadentofacciale.it\/adf\/wp-content\/uploads\/2025\/08\/Corso-Implantologia-Merli-2026-cover-oriz.jpg\" class=\"attachment-full size-full\" alt=\"\" loading=\"lazy\" srcset=\"https:\/\/www.accademiadentofacciale.it\/adf\/wp-content\/uploads\/2025\/08\/Corso-Implantologia-Merli-2026-cover-oriz.jpg 1240w, https:\/\/www.accademiadentofacciale.it\/adf\/wp-content\/uploads\/2025\/08\/Corso-Implantologia-Merli-2026-cover-oriz-300x203.jpg 300w, https:\/\/www.accademiadentofacciale.it\/adf\/wp-content\/uploads\/2025\/08\/Corso-Implantologia-Merli-2026-cover-oriz-600x407.jpg 600w, https:\/\/www.accademiadentofacciale.it\/adf\/wp-content\/uploads\/2025\/08\/Corso-Implantologia-Merli-2026-cover-oriz-768x521.jpg 768w, https:\/\/www.accademiadentofacciale.it\/adf\/wp-content\/uploads\/2025\/08\/Corso-Implantologia-Merli-2026-cover-oriz-24x16.jpg 24w, https:\/\/www.accademiadentofacciale.it\/adf\/wp-content\/uploads\/2025\/08\/Corso-Implantologia-Merli-2026-cover-oriz-36x24.jpg 36w, https:\/\/www.accademiadentofacciale.it\/adf\/wp-content\/uploads\/2025\/08\/Corso-Implantologia-Merli-2026-cover-oriz-48x33.jpg 48w\" sizes=\"auto, (max-width: 1240px) 100vw, 1240px\" \/><\/a><\/div><div class=\"w-separator size_custom\" style=\"height:30px\"><\/div><\/div><\/div><\/div><\/div><\/div><\/section>\n","protected":false},"excerpt":{"rendered":"<p>Corso di perfezionamento chirurgo-protesico per Odontoiatri ed Odontotecnici con la partecipazione delle Assistenti ed Igienisti Dentali<\/p>\n","protected":false},"author":1,"featured_media":19739,"parent":0,"menu_order":35,"comment_status":"closed","ping_status":"closed","template":"","meta":{"footnotes":""},"class_list":["post-19426","page","type-page","status-publish","has-post-thumbnail","hentry"],"yoast_head":"<!-- This site is optimized with the Yoast SEO plugin v27.4 - https:\/\/yoast.com\/product\/yoast-seo-wordpress\/ -->\n<title>Contatti - CORSI - Accademia Dento\u00b7Facciale \u2022 Alta Formazione per Odontoiatri e Corsi per Medici Dentisti<\/title>\n<meta name=\"robots\" content=\"index, follow, max-snippet:-1, max-image-preview:large, max-video-preview:-1\" \/>\n<link rel=\"canonical\" href=\"https:\/\/www.accademiadentofacciale.it\/adf\/contatti-corsi\/\" \/>\n<meta property=\"og:locale\" content=\"it_IT\" \/>\n<meta property=\"og:type\" content=\"article\" \/>\n<meta property=\"og:title\" content=\"Contatti - CORSI - Accademia Dento\u00b7Facciale \u2022 Alta Formazione per Odontoiatri e Corsi per Medici Dentisti\" \/>\n<meta property=\"og:description\" content=\"Corso di perfezionamento chirurgo-protesico per Odontoiatri ed Odontotecnici con la partecipazione delle Assistenti ed Igienisti Dentali\" \/>\n<meta property=\"og:url\" content=\"https:\/\/www.accademiadentofacciale.it\/adf\/contatti-corsi\/\" \/>\n<meta property=\"og:site_name\" content=\"Accademia Dento\u00b7Facciale\" \/>\n<meta property=\"article:publisher\" content=\"https:\/\/www.facebook.com\/accademia.dento.facciale\/\" \/>\n<meta property=\"article:modified_time\" content=\"2025-08-22T07:40:13+00:00\" \/>\n<meta property=\"og:image\" content=\"https:\/\/www.accademiadentofacciale.it\/adf\/wp-content\/uploads\/2025\/04\/accademia-dento-facciale-colori-2020-1.1.jpg\" \/>\n\t<meta property=\"og:image:width\" content=\"1280\" \/>\n\t<meta property=\"og:image:height\" content=\"1280\" \/>\n\t<meta property=\"og:image:type\" content=\"image\/jpeg\" \/>\n<meta name=\"twitter:card\" content=\"summary_large_image\" \/>\n<meta name=\"twitter:label1\" content=\"Tempo di lettura stimato\" \/>\n\t<meta name=\"twitter:data1\" content=\"3 minuti\" \/>\n<script type=\"application\/ld+json\" class=\"yoast-schema-graph\">{\"@context\":\"https:\\\/\\\/schema.org\",\"@graph\":[{\"@type\":\"WebPage\",\"@id\":\"https:\\\/\\\/www.accademiadentofacciale.it\\\/adf\\\/contatti-corsi\\\/\",\"url\":\"https:\\\/\\\/www.accademiadentofacciale.it\\\/adf\\\/contatti-corsi\\\/\",\"name\":\"Contatti - CORSI - Accademia Dento\u00b7Facciale \u2022 Alta Formazione per Odontoiatri e Corsi per Medici Dentisti\",\"isPartOf\":{\"@id\":\"https:\\\/\\\/www.accademiadentofacciale.it\\\/adf\\\/#website\"},\"primaryImageOfPage\":{\"@id\":\"https:\\\/\\\/www.accademiadentofacciale.it\\\/adf\\\/contatti-corsi\\\/#primaryimage\"},\"image\":{\"@id\":\"https:\\\/\\\/www.accademiadentofacciale.it\\\/adf\\\/contatti-corsi\\\/#primaryimage\"},\"thumbnailUrl\":\"https:\\\/\\\/www.accademiadentofacciale.it\\\/adf\\\/wp-content\\\/uploads\\\/2025\\\/04\\\/accademia-dento-facciale-colori-2020-1.1.jpg\",\"datePublished\":\"2024-08-29T07:18:16+00:00\",\"dateModified\":\"2025-08-22T07:40:13+00:00\",\"breadcrumb\":{\"@id\":\"https:\\\/\\\/www.accademiadentofacciale.it\\\/adf\\\/contatti-corsi\\\/#breadcrumb\"},\"inLanguage\":\"it-IT\",\"potentialAction\":[{\"@type\":\"ReadAction\",\"target\":[\"https:\\\/\\\/www.accademiadentofacciale.it\\\/adf\\\/contatti-corsi\\\/\"]}]},{\"@type\":\"ImageObject\",\"inLanguage\":\"it-IT\",\"@id\":\"https:\\\/\\\/www.accademiadentofacciale.it\\\/adf\\\/contatti-corsi\\\/#primaryimage\",\"url\":\"https:\\\/\\\/www.accademiadentofacciale.it\\\/adf\\\/wp-content\\\/uploads\\\/2025\\\/04\\\/accademia-dento-facciale-colori-2020-1.1.jpg\",\"contentUrl\":\"https:\\\/\\\/www.accademiadentofacciale.it\\\/adf\\\/wp-content\\\/uploads\\\/2025\\\/04\\\/accademia-dento-facciale-colori-2020-1.1.jpg\",\"width\":1280,\"height\":1280},{\"@type\":\"BreadcrumbList\",\"@id\":\"https:\\\/\\\/www.accademiadentofacciale.it\\\/adf\\\/contatti-corsi\\\/#breadcrumb\",\"itemListElement\":[{\"@type\":\"ListItem\",\"position\":1,\"name\":\"Home\",\"item\":\"https:\\\/\\\/www.accademiadentofacciale.it\\\/adf\\\/\"},{\"@type\":\"ListItem\",\"position\":2,\"name\":\"Contatti &#8211; CORSI\"}]},{\"@type\":\"WebSite\",\"@id\":\"https:\\\/\\\/www.accademiadentofacciale.it\\\/adf\\\/#website\",\"url\":\"https:\\\/\\\/www.accademiadentofacciale.it\\\/adf\\\/\",\"name\":\"Accademia Dento\u00b7Facciale\",\"description\":\"Alta Formazione per Odontoiatri e Corsi per Medici Dentisti\",\"potentialAction\":[{\"@type\":\"SearchAction\",\"target\":{\"@type\":\"EntryPoint\",\"urlTemplate\":\"https:\\\/\\\/www.accademiadentofacciale.it\\\/adf\\\/?s={search_term_string}\"},\"query-input\":{\"@type\":\"PropertyValueSpecification\",\"valueRequired\":true,\"valueName\":\"search_term_string\"}}],\"inLanguage\":\"it-IT\"}]}<\/script>\n<!-- \/ Yoast SEO plugin. -->","yoast_head_json":{"title":"Contatti - CORSI - Accademia Dento\u00b7Facciale \u2022 Alta Formazione per Odontoiatri e Corsi per Medici Dentisti","robots":{"index":"index","follow":"follow","max-snippet":"max-snippet:-1","max-image-preview":"max-image-preview:large","max-video-preview":"max-video-preview:-1"},"canonical":"https:\/\/www.accademiadentofacciale.it\/adf\/contatti-corsi\/","og_locale":"it_IT","og_type":"article","og_title":"Contatti - CORSI - Accademia Dento\u00b7Facciale \u2022 Alta Formazione per Odontoiatri e Corsi per Medici Dentisti","og_description":"Corso di perfezionamento chirurgo-protesico per Odontoiatri ed Odontotecnici con la partecipazione delle Assistenti ed Igienisti Dentali","og_url":"https:\/\/www.accademiadentofacciale.it\/adf\/contatti-corsi\/","og_site_name":"Accademia Dento\u00b7Facciale","article_publisher":"https:\/\/www.facebook.com\/accademia.dento.facciale\/","article_modified_time":"2025-08-22T07:40:13+00:00","og_image":[{"width":1280,"height":1280,"url":"https:\/\/www.accademiadentofacciale.it\/adf\/wp-content\/uploads\/2025\/04\/accademia-dento-facciale-colori-2020-1.1.jpg","type":"image\/jpeg"}],"twitter_card":"summary_large_image","twitter_misc":{"Tempo di lettura stimato":"3 minuti"},"schema":{"@context":"https:\/\/schema.org","@graph":[{"@type":"WebPage","@id":"https:\/\/www.accademiadentofacciale.it\/adf\/contatti-corsi\/","url":"https:\/\/www.accademiadentofacciale.it\/adf\/contatti-corsi\/","name":"Contatti - CORSI - Accademia Dento\u00b7Facciale \u2022 Alta Formazione per Odontoiatri e Corsi per Medici Dentisti","isPartOf":{"@id":"https:\/\/www.accademiadentofacciale.it\/adf\/#website"},"primaryImageOfPage":{"@id":"https:\/\/www.accademiadentofacciale.it\/adf\/contatti-corsi\/#primaryimage"},"image":{"@id":"https:\/\/www.accademiadentofacciale.it\/adf\/contatti-corsi\/#primaryimage"},"thumbnailUrl":"https:\/\/www.accademiadentofacciale.it\/adf\/wp-content\/uploads\/2025\/04\/accademia-dento-facciale-colori-2020-1.1.jpg","datePublished":"2024-08-29T07:18:16+00:00","dateModified":"2025-08-22T07:40:13+00:00","breadcrumb":{"@id":"https:\/\/www.accademiadentofacciale.it\/adf\/contatti-corsi\/#breadcrumb"},"inLanguage":"it-IT","potentialAction":[{"@type":"ReadAction","target":["https:\/\/www.accademiadentofacciale.it\/adf\/contatti-corsi\/"]}]},{"@type":"ImageObject","inLanguage":"it-IT","@id":"https:\/\/www.accademiadentofacciale.it\/adf\/contatti-corsi\/#primaryimage","url":"https:\/\/www.accademiadentofacciale.it\/adf\/wp-content\/uploads\/2025\/04\/accademia-dento-facciale-colori-2020-1.1.jpg","contentUrl":"https:\/\/www.accademiadentofacciale.it\/adf\/wp-content\/uploads\/2025\/04\/accademia-dento-facciale-colori-2020-1.1.jpg","width":1280,"height":1280},{"@type":"BreadcrumbList","@id":"https:\/\/www.accademiadentofacciale.it\/adf\/contatti-corsi\/#breadcrumb","itemListElement":[{"@type":"ListItem","position":1,"name":"Home","item":"https:\/\/www.accademiadentofacciale.it\/adf\/"},{"@type":"ListItem","position":2,"name":"Contatti &#8211; CORSI"}]},{"@type":"WebSite","@id":"https:\/\/www.accademiadentofacciale.it\/adf\/#website","url":"https:\/\/www.accademiadentofacciale.it\/adf\/","name":"Accademia Dento\u00b7Facciale","description":"Alta Formazione per Odontoiatri e Corsi per Medici Dentisti","potentialAction":[{"@type":"SearchAction","target":{"@type":"EntryPoint","urlTemplate":"https:\/\/www.accademiadentofacciale.it\/adf\/?s={search_term_string}"},"query-input":{"@type":"PropertyValueSpecification","valueRequired":true,"valueName":"search_term_string"}}],"inLanguage":"it-IT"}]}},"_links":{"self":[{"href":"https:\/\/www.accademiadentofacciale.it\/adf\/wp-json\/wp\/v2\/pages\/19426","targetHints":{"allow":["GET"]}}],"collection":[{"href":"https:\/\/www.accademiadentofacciale.it\/adf\/wp-json\/wp\/v2\/pages"}],"about":[{"href":"https:\/\/www.accademiadentofacciale.it\/adf\/wp-json\/wp\/v2\/types\/page"}],"author":[{"embeddable":true,"href":"https:\/\/www.accademiadentofacciale.it\/adf\/wp-json\/wp\/v2\/users\/1"}],"replies":[{"embeddable":true,"href":"https:\/\/www.accademiadentofacciale.it\/adf\/wp-json\/wp\/v2\/comments?post=19426"}],"version-history":[{"count":16,"href":"https:\/\/www.accademiadentofacciale.it\/adf\/wp-json\/wp\/v2\/pages\/19426\/revisions"}],"predecessor-version":[{"id":19430,"href":"https:\/\/www.accademiadentofacciale.it\/adf\/wp-json\/wp\/v2\/pages\/19426\/revisions\/19430"}],"wp:featuredmedia":[{"embeddable":true,"href":"https:\/\/www.accademiadentofacciale.it\/adf\/wp-json\/wp\/v2\/media\/19739"}],"wp:attachment":[{"href":"https:\/\/www.accademiadentofacciale.it\/adf\/wp-json\/wp\/v2\/media?parent=19426"}],"curies":[{"name":"wp","href":"https:\/\/api.w.org\/{rel}","templated":true}]}}